{"version":"1.0","provider_name":"Torell\u00f3 Viticultors Grans escumosos i vins ecol\u00f2gics","provider_url":"https:\/\/torello.com\/es\/","title":"Raimonda 2021 | Torell\u00f3 Viticultors Grans escumosos i vins ecol\u00f2gics","type":"rich","width":600,"height":338,"html":"<blockquote class=\"wp-embedded-content\" data-secret=\"dLMtv1eJKN\"><a href=\"https:\/\/torello.com\/es\/producto\/raimonda\/\">Raimonda 2021<\/a><\/blockquote><iframe sandbox=\"allow-scripts\" security=\"restricted\" src=\"https:\/\/torello.com\/es\/producto\/raimonda\/embed\/#?secret=dLMtv1eJKN\" width=\"600\" height=\"338\" title=\"\u00abRaimonda 2021\u00bb \u2014 Torell\u00f3 Viticultors Grans escumosos i vins ecol\u00f2gics\" data-secret=\"dLMtv1eJKN\" frameborder=\"0\" marginwidth=\"0\" marginheight=\"0\" scrolling=\"no\" class=\"wp-embedded-content\"><\/iframe><script type=\"text\/javascript\">\n\/* <![CDATA[ *\/\n\/*! This file is auto-generated *\/\n!function(d,l){\"use strict\";l.querySelector&&d.addEventListener&&\"undefined\"!=typeof URL&&(d.wp=d.wp||{},d.wp.receiveEmbedMessage||(d.wp.receiveEmbedMessage=function(e){var t=e.data;if((t||t.secret||t.message||t.value)&&!\/[^a-zA-Z0-9]\/.test(t.secret)){for(var s,r,n,a=l.querySelectorAll('iframe[data-secret=\"'+t.secret+'\"]'),o=l.querySelectorAll('blockquote[data-secret=\"'+t.secret+'\"]'),c=new RegExp(\"^https?:$\",\"i\"),i=0;i<o.length;i++)o[i].style.display=\"none\";for(i=0;i<a.length;i++)s=a[i],e.source===s.contentWindow&&(s.removeAttribute(\"style\"),\"height\"===t.message?(1e3<(r=parseInt(t.value,10))?r=1e3:~~r<200&&(r=200),s.height=r):\"link\"===t.message&&(r=new URL(s.getAttribute(\"src\")),n=new URL(t.value),c.test(n.protocol))&&n.host===r.host&&l.activeElement===s&&(d.top.location.href=t.value))}},d.addEventListener(\"message\",d.wp.receiveEmbedMessage,!1),l.addEventListener(\"DOMContentLoaded\",function(){for(var e,t,s=l.querySelectorAll(\"iframe.wp-embedded-content\"),r=0;r<s.length;r++)(t=(e=s[r]).getAttribute(\"data-secret\"))||(t=Math.random().toString(36).substring(2,12),e.src+=\"#?secret=\"+t,e.setAttribute(\"data-secret\",t)),e.contentWindow.postMessage({message:\"ready\",secret:t},\"*\")},!1)))}(window,document);\n\/\/# sourceURL=https:\/\/torello.com\/wp-includes\/js\/wp-embed.min.js\n\/* ]]> *\/\n<\/script>\n","thumbnail_url":"https:\/\/torello.com\/wp-content\/uploads\/2023\/04\/Ampolla-de-Raimonda-2018-075-cl.jpg","thumbnail_width":560,"thumbnail_height":560,"description":"Variedades: 79% Merlot y 21% Cabernet Sauvignon de nuestra Finca Can Mart\u00ed.  La cosecha: La vendimia empez\u00f3 el 10 de agosto y finaliz\u00f3 el 10 de septiembre. 2021 es un a\u00f1o que se caracteriza por la baja pluviometr\u00eda (un 50% menos de lluvias que habitualmente), un julio de temperaturas suaves y un agosto con picos de calor de 40 \u2070C. Cosecha con frutos m\u00e1s peque\u00f1os, pero de gran potencial arom\u00e1tico y buena acidez.  Elaboraci\u00f3n: Fermentaci\u00f3n del vino en tanques de acero inoxidable, remontados tres veces al d\u00eda. En la elaboraci\u00f3n del Raimonda se utiliza \u00fanicamente el vino flor o sangrado. Posteriormente la fermentaci\u00f3n malol\u00e1ctica tiene lugar en dep\u00f3sitos de hormig\u00f3n. Tras realizar el coupage de las dos variedades, tiene lugar la crianza del vino, en barricas de roble franc\u00e9s (allier y vosgues) y americano, durante 12 meses. Embotellado y crianza de dos a\u00f1os.  Presentaci\u00f3n: 75 cl, 1,5 l. Magnum y 3 l. Jeroboam.  Nota de cata: Vino tinto intenso, de color ciruela y ribete morado, limpio y denso en copa. En nariz tiene aromas profundos, en un abanico arom\u00e1tico de frutas negras, como moras, ar\u00e1ndanos, grosella negra, acompa\u00f1adas de un agradable perfume a romero. Con sutiles especies como la vainilla y la canela, mezclada con unas t\u00edmidas notas l\u00e1cteas. En boca, la entrada es amable. Su paso delicado de tanino pulido, deja entrever una acidez todav\u00eda presente, que va de la mano de unas notas herb\u00e1ceas finales. \u00c9stas abren de nuevo el abanico arom\u00e1tico de las frutas negras, acompa\u00f1adas de toques bals\u00e1micos y de la crianza, que aporta recuerdos a tabaco."}